{"id":6575,"date":"2025-11-25T09:02:14","date_gmt":"2025-11-25T09:02:14","guid":{"rendered":"https:\/\/condadodemartiniega.com\/?post_type=product&#038;p=6575"},"modified":"2025-12-08T23:41:16","modified_gmt":"2025-12-08T23:41:16","slug":"la-carcel-aceite-de-oliva-virgen-extra-500ml","status":"publish","type":"product","link":"https:\/\/condadodemartiniega.com\/en\/product\/la-carcel-aceite-de-oliva-virgen-extra-500ml\/","title":{"rendered":"LA C\u00c1RCEL &#8211; Aceite de Oliva Virgen Extra 500ml"},"content":{"rendered":"<p><strong>LA C\u00c1RCEL &#8211; CAMPOS DEL RULLO<\/strong><\/p>\n<p><strong>Origen:<\/strong> La C\u00e1rcel (Corella, Navarra, Espa\u00f1a)<br \/>\n<strong>Variedad de Oliva:<\/strong> Lecciana<br \/>\n<strong>Categor\u00eda:<\/strong> Aceite de Oliva Virgen Extra<br \/>\n<strong>Subcategor\u00eda:<\/strong> Filtrado<br \/>\n<strong>Acidez (reci\u00e9n obtenido):<\/strong> &lt;0,2%<br \/>\n<strong>\u00c9poca de recolecci\u00f3n:<\/strong> Octubre<br \/>\n<strong>Cosecha:<\/strong> Mec\u00e1nica<br \/>\n<strong>Capacidad:<\/strong> 500ml<br \/>\n<strong>Formato:<\/strong> 250ml Cristal y 500ml Cristal<br \/>\n<strong>Conservaci\u00f3n:<\/strong> Consumir dentro de la fecha se\u00f1alada, preservar de la luz, de los malos olores y del calor (entre 15\u00baC y 25\u00baC), evitar cambios bruscos de temperatura. Mantener cerrado despu\u00e9s de cada uso.<br \/>\n<strong>Dietas:<\/strong> Producto apto para dietas vegetarianas, veganas y cel\u00edacos.<br \/>\n<strong>Recomendaciones de Uso:<\/strong> En crudo para ba\u00f1ar tostadas, ali\u00f1ar ensaladas, terminar platos, marinar o macerar. Para cocinar cualquier elaboraci\u00f3n, podemos guisar, asar, fre\u00edr y hornear con \u00e9l.<br \/>\n<strong>Temperatura m\u00e1xima exposici\u00f3n:<\/strong> &lt;170\u00baC (a partir de \u00e9sta, el aceite se quemar\u00e1)<\/p>\n<p>&nbsp;<\/p>\n<h4>Maridaje<\/h4>\n<p><strong>Ensaladas con Sabores Intensos<\/strong>: Su sabor robusto va muy bien con ensaladas que contienen ingredientes m\u00e1s fuertes como r\u00facula, queso feta, tomates secos o anchoas del cant\u00e1brico.<br \/>\n<strong>Pescados Grasos<\/strong>: Util\u00edzalo para realzar el sabor de pescados m\u00e1s grasos, como el salm\u00f3n, el at\u00fan o la caballa. Puede equilibrar los sabores grasos con su ligero amargor.<br \/>\n<strong>Sopas y Guisos<\/strong>: Agrega un chorrito al final de la preparaci\u00f3n de sopas o guisos para a\u00f1adir un sabor profundo y herbal a tus platos.<br \/>\n<strong>Carnes a la Parrilla o Asadas<\/strong>: \u00dasalo como aderezo o marinada para carnes antes de asarlas para potenciar su sabor. Funciona bien con carnes como el cordero o el cerdo.<br \/>\n<strong>Verduras Asadas o Salteadas<\/strong>: Roc\u00edalo sobre verduras antes de asarlas o saltearlas para resaltar sus sabores naturales. Va bien con vegetales como pimientos, calabazas o alcachofas.<br \/>\n<strong>Platos de Pasta Picantes o con Salsas Intensas<\/strong>: Combina bien con platos de pasta con salsas picantes o intensas, como la arrabbiata, agregando un sabor adicional.<\/p>\n<p>&nbsp;<\/p>\n<h4>Notas de cata<\/h4>\n<p><span data-sheets-value=\"{&quot;1&quot;:2,&quot;2&quot;:&quot;Apariencia: Brillante de color verde lima intenso con tonos herb\u00e1ceos.rnNariz: Fresco, de fragancias dulces. Gran diversidad de aromas, especialmente a hierba fresca reci\u00e9n cortada, manzana verde, tomatera.rnBoca: Frutado medio-alto, suave y fluido, muy equilibrado, con una riqueza arom\u00e1tica notable donde destaca un acabado ligeramente picante.r&quot;}\" data-sheets-userformat=\"{&quot;2&quot;:969,&quot;3&quot;:{&quot;1&quot;:0},&quot;6&quot;:{&quot;1&quot;:[{&quot;1&quot;:2,&quot;2&quot;:0,&quot;5&quot;:{&quot;1&quot;:2,&quot;2&quot;:0}},{&quot;1&quot;:0,&quot;2&quot;:0,&quot;3&quot;:3},{&quot;1&quot;:1,&quot;2&quot;:0,&quot;4&quot;:1}]},&quot;9&quot;:0,&quot;10&quot;:0,&quot;11&quot;:4,&quot;12&quot;:0}\"><strong>Apariencia:<\/strong> Estructura dorada intensa.<br \/>\n<strong>Nariz:<\/strong> Fresco con delicados aromas de hierba y almendra.<br \/>\n<strong>Boca:<\/strong> Complejo, altamente frutado, de maravillosa textura y suaves matices, final picante y retrogusto amargo muy intenso.<\/span><\/p>\n","protected":false},"excerpt":{"rendered":"<p>Aceite de car\u00e1cter singular, con caracter\u00edsticas organol\u00e9pticas muy potentes y de una calidad muy constante a lo largo de todo el a\u00f1o debido a su alto \u00edndice de polifenoles. Gusta particularmente a catadores y profesionales debido a su complejidad, capaz de aportar notas picantes, amargas y frutadas. \u00danico y exclusivo, se lanza en una edici\u00f3n limitada.<\/p>\n<p>&nbsp;<\/p>\n<p>&nbsp;<\/p>","protected":false},"featured_media":6613,"template":"","meta":{"_acf_changed":false,"_monsterinsights_skip_tracking":false,"_monsterinsights_sitenote_active":false,"_monsterinsights_sitenote_note":"","_monsterinsights_sitenote_category":0},"product_brand":[],"product_cat":[134],"product_tag":[],"class_list":{"0":"post-6575","1":"product","2":"type-product","3":"status-publish","4":"has-post-thumbnail","6":"product_cat-aove-la-carcel","7":"product_shipping_class-est","9":"first","10":"instock","11":"featured","12":"taxable","13":"shipping-taxable","14":"product-type-variable"},"acf":[],"yoast_head":"<!-- This site is optimized with the Yoast SEO plugin v27.4 - https:\/\/yoast.com\/product\/yoast-seo-wordpress\/ -->\n<title>LA C\u00c1RCEL - Aceite de Oliva Virgen Extra 500ml - Condado de Martiniega<\/title>\n<meta name=\"robots\" content=\"index, follow, max-snippet:-1, max-image-preview:large, max-video-preview:-1\" \/>\n<link rel=\"canonical\" href=\"https:\/\/condadodemartiniega.com\/en\/product\/la-carcel-aceite-de-oliva-virgen-extra-500ml\/\" \/>\n<meta property=\"og:locale\" content=\"en_GB\" \/>\n<meta property=\"og:type\" content=\"article\" \/>\n<meta property=\"og:title\" content=\"LA C\u00c1RCEL - Aceite de Oliva Virgen Extra 500ml - Condado de Martiniega\" \/>\n<meta property=\"og:description\" content=\"Aceite de car\u00e1cter singular, con caracter\u00edsticas organol\u00e9pticas muy potentes y de una calidad muy constante a lo largo de todo el a\u00f1o debido a su alto \u00edndice de polifenoles. Gusta particularmente a catadores y profesionales debido a su complejidad, capaz de aportar notas picantes, amargas y frutadas. \u00danico y exclusivo, se lanza en una edici\u00f3n limitada.  &nbsp;  &nbsp;\" \/>\n<meta property=\"og:url\" content=\"https:\/\/condadodemartiniega.com\/en\/product\/la-carcel-aceite-de-oliva-virgen-extra-500ml\/\" \/>\n<meta property=\"og:site_name\" content=\"Condado de Martiniega\" \/>\n<meta property=\"article:publisher\" content=\"https:\/\/www.facebook.com\/martiniegaoliveoil\" \/>\n<meta property=\"article:modified_time\" content=\"2025-12-08T23:41:16+00:00\" \/>\n<meta property=\"og:image\" content=\"http:\/\/condadodemartiniega.com\/wp-content\/uploads\/2025\/11\/2025_Bellolio_500ml_LaCarcel_WEB-scaled.jpg\" \/>\n\t<meta property=\"og:image:width\" content=\"1656\" \/>\n\t<meta property=\"og:image:height\" content=\"2560\" \/>\n\t<meta property=\"og:image:type\" content=\"image\/jpeg\" \/>\n<meta name=\"twitter:card\" content=\"summary_large_image\" \/>\n<meta name=\"twitter:label1\" content=\"Estimated reading time\" \/>\n\t<meta name=\"twitter:data1\" content=\"2 minutes\" \/>\n<script type=\"application\/ld+json\" class=\"yoast-schema-graph\">{\"@context\":\"https:\\\/\\\/schema.org\",\"@graph\":[{\"@type\":\"WebPage\",\"@id\":\"https:\\\/\\\/condadodemartiniega.com\\\/product\\\/la-carcel-aceite-de-oliva-virgen-extra-500ml\\\/\",\"url\":\"https:\\\/\\\/condadodemartiniega.com\\\/product\\\/la-carcel-aceite-de-oliva-virgen-extra-500ml\\\/\",\"name\":\"LA C\u00c1RCEL - Aceite de Oliva Virgen Extra 500ml - Condado de Martiniega\",\"isPartOf\":{\"@id\":\"https:\\\/\\\/condadodemartiniega.com\\\/#website\"},\"primaryImageOfPage\":{\"@id\":\"https:\\\/\\\/condadodemartiniega.com\\\/product\\\/la-carcel-aceite-de-oliva-virgen-extra-500ml\\\/#primaryimage\"},\"image\":{\"@id\":\"https:\\\/\\\/condadodemartiniega.com\\\/product\\\/la-carcel-aceite-de-oliva-virgen-extra-500ml\\\/#primaryimage\"},\"thumbnailUrl\":\"https:\\\/\\\/i0.wp.com\\\/condadodemartiniega.com\\\/wp-content\\\/uploads\\\/2025\\\/11\\\/2025_Bellolio_500ml_LaCarcel_WEB-scaled.jpg?fit=1656%2C2560&ssl=1\",\"datePublished\":\"2025-11-25T09:02:14+00:00\",\"dateModified\":\"2025-12-08T23:41:16+00:00\",\"breadcrumb\":{\"@id\":\"https:\\\/\\\/condadodemartiniega.com\\\/product\\\/la-carcel-aceite-de-oliva-virgen-extra-500ml\\\/#breadcrumb\"},\"inLanguage\":\"en-GB\",\"potentialAction\":[{\"@type\":\"ReadAction\",\"target\":[\"https:\\\/\\\/condadodemartiniega.com\\\/product\\\/la-carcel-aceite-de-oliva-virgen-extra-500ml\\\/\"]}]},{\"@type\":\"ImageObject\",\"inLanguage\":\"en-GB\",\"@id\":\"https:\\\/\\\/condadodemartiniega.com\\\/product\\\/la-carcel-aceite-de-oliva-virgen-extra-500ml\\\/#primaryimage\",\"url\":\"https:\\\/\\\/i0.wp.com\\\/condadodemartiniega.com\\\/wp-content\\\/uploads\\\/2025\\\/11\\\/2025_Bellolio_500ml_LaCarcel_WEB-scaled.jpg?fit=1656%2C2560&ssl=1\",\"contentUrl\":\"https:\\\/\\\/i0.wp.com\\\/condadodemartiniega.com\\\/wp-content\\\/uploads\\\/2025\\\/11\\\/2025_Bellolio_500ml_LaCarcel_WEB-scaled.jpg?fit=1656%2C2560&ssl=1\",\"width\":1656,\"height\":2560},{\"@type\":\"BreadcrumbList\",\"@id\":\"https:\\\/\\\/condadodemartiniega.com\\\/product\\\/la-carcel-aceite-de-oliva-virgen-extra-500ml\\\/#breadcrumb\",\"itemListElement\":[{\"@type\":\"ListItem\",\"position\":1,\"name\":\"Home\",\"item\":\"https:\\\/\\\/condadodemartiniega.com\\\/\"},{\"@type\":\"ListItem\",\"position\":2,\"name\":\"Shop\",\"item\":\"https:\\\/\\\/condadodemartiniega.com\\\/en\\\/shop\\\/\"},{\"@type\":\"ListItem\",\"position\":3,\"name\":\"LA C\u00c1RCEL &#8211; Aceite de Oliva Virgen Extra 500ml\"}]},{\"@type\":\"WebSite\",\"@id\":\"https:\\\/\\\/condadodemartiniega.com\\\/#website\",\"url\":\"https:\\\/\\\/condadodemartiniega.com\\\/\",\"name\":\"Condado de Martiniega - Aceite de Oliva\",\"description\":\"Aceite de Oliva Virgen Extra\",\"publisher\":{\"@id\":\"https:\\\/\\\/condadodemartiniega.com\\\/#organization\"},\"alternateName\":\"Martiniega Olive Oil\",\"potentialAction\":[{\"@type\":\"SearchAction\",\"target\":{\"@type\":\"EntryPoint\",\"urlTemplate\":\"https:\\\/\\\/condadodemartiniega.com\\\/?s={search_term_string}\"},\"query-input\":{\"@type\":\"PropertyValueSpecification\",\"valueRequired\":true,\"valueName\":\"search_term_string\"}}],\"inLanguage\":\"en-GB\"},{\"@type\":\"Organization\",\"@id\":\"https:\\\/\\\/condadodemartiniega.com\\\/#organization\",\"name\":\"Condado de Martiniega - Aceite de Oliva\",\"url\":\"https:\\\/\\\/condadodemartiniega.com\\\/\",\"logo\":{\"@type\":\"ImageObject\",\"inLanguage\":\"en-GB\",\"@id\":\"https:\\\/\\\/condadodemartiniega.com\\\/#\\\/schema\\\/logo\\\/image\\\/\",\"url\":\"https:\\\/\\\/i0.wp.com\\\/condadodemartiniega.com\\\/wp-content\\\/uploads\\\/2021\\\/02\\\/cropped-CdM-logo-600_Colour.png?fit=1251%2C1251&ssl=1\",\"contentUrl\":\"https:\\\/\\\/i0.wp.com\\\/condadodemartiniega.com\\\/wp-content\\\/uploads\\\/2021\\\/02\\\/cropped-CdM-logo-600_Colour.png?fit=1251%2C1251&ssl=1\",\"width\":1251,\"height\":1251,\"caption\":\"Condado de Martiniega - Aceite de Oliva\"},\"image\":{\"@id\":\"https:\\\/\\\/condadodemartiniega.com\\\/#\\\/schema\\\/logo\\\/image\\\/\"},\"sameAs\":[\"https:\\\/\\\/www.facebook.com\\\/martiniegaoliveoil\",\"https:\\\/\\\/www.instagram.com\\\/martiniegaoliveoil\\\/\"]}]}<\/script>\n<!-- \/ Yoast SEO plugin. -->","yoast_head_json":{"title":"LA C\u00c1RCEL - Aceite de Oliva Virgen Extra 500ml - Condado de Martiniega","robots":{"index":"index","follow":"follow","max-snippet":"max-snippet:-1","max-image-preview":"max-image-preview:large","max-video-preview":"max-video-preview:-1"},"canonical":"https:\/\/condadodemartiniega.com\/en\/product\/la-carcel-aceite-de-oliva-virgen-extra-500ml\/","og_locale":"en_GB","og_type":"article","og_title":"LA C\u00c1RCEL - Aceite de Oliva Virgen Extra 500ml - Condado de Martiniega","og_description":"Aceite de car\u00e1cter singular, con caracter\u00edsticas organol\u00e9pticas muy potentes y de una calidad muy constante a lo largo de todo el a\u00f1o debido a su alto \u00edndice de polifenoles. Gusta particularmente a catadores y profesionales debido a su complejidad, capaz de aportar notas picantes, amargas y frutadas. \u00danico y exclusivo, se lanza en una edici\u00f3n limitada.  &nbsp;  &nbsp;","og_url":"https:\/\/condadodemartiniega.com\/en\/product\/la-carcel-aceite-de-oliva-virgen-extra-500ml\/","og_site_name":"Condado de Martiniega","article_publisher":"https:\/\/www.facebook.com\/martiniegaoliveoil","article_modified_time":"2025-12-08T23:41:16+00:00","og_image":[{"width":1656,"height":2560,"url":"http:\/\/condadodemartiniega.com\/wp-content\/uploads\/2025\/11\/2025_Bellolio_500ml_LaCarcel_WEB-scaled.jpg","type":"image\/jpeg"}],"twitter_card":"summary_large_image","twitter_misc":{"Estimated reading time":"2 minutes"},"schema":{"@context":"https:\/\/schema.org","@graph":[{"@type":"WebPage","@id":"https:\/\/condadodemartiniega.com\/product\/la-carcel-aceite-de-oliva-virgen-extra-500ml\/","url":"https:\/\/condadodemartiniega.com\/product\/la-carcel-aceite-de-oliva-virgen-extra-500ml\/","name":"LA C\u00c1RCEL - Aceite de Oliva Virgen Extra 500ml - Condado de Martiniega","isPartOf":{"@id":"https:\/\/condadodemartiniega.com\/#website"},"primaryImageOfPage":{"@id":"https:\/\/condadodemartiniega.com\/product\/la-carcel-aceite-de-oliva-virgen-extra-500ml\/#primaryimage"},"image":{"@id":"https:\/\/condadodemartiniega.com\/product\/la-carcel-aceite-de-oliva-virgen-extra-500ml\/#primaryimage"},"thumbnailUrl":"https:\/\/i0.wp.com\/condadodemartiniega.com\/wp-content\/uploads\/2025\/11\/2025_Bellolio_500ml_LaCarcel_WEB-scaled.jpg?fit=1656%2C2560&ssl=1","datePublished":"2025-11-25T09:02:14+00:00","dateModified":"2025-12-08T23:41:16+00:00","breadcrumb":{"@id":"https:\/\/condadodemartiniega.com\/product\/la-carcel-aceite-de-oliva-virgen-extra-500ml\/#breadcrumb"},"inLanguage":"en-GB","potentialAction":[{"@type":"ReadAction","target":["https:\/\/condadodemartiniega.com\/product\/la-carcel-aceite-de-oliva-virgen-extra-500ml\/"]}]},{"@type":"ImageObject","inLanguage":"en-GB","@id":"https:\/\/condadodemartiniega.com\/product\/la-carcel-aceite-de-oliva-virgen-extra-500ml\/#primaryimage","url":"https:\/\/i0.wp.com\/condadodemartiniega.com\/wp-content\/uploads\/2025\/11\/2025_Bellolio_500ml_LaCarcel_WEB-scaled.jpg?fit=1656%2C2560&ssl=1","contentUrl":"https:\/\/i0.wp.com\/condadodemartiniega.com\/wp-content\/uploads\/2025\/11\/2025_Bellolio_500ml_LaCarcel_WEB-scaled.jpg?fit=1656%2C2560&ssl=1","width":1656,"height":2560},{"@type":"BreadcrumbList","@id":"https:\/\/condadodemartiniega.com\/product\/la-carcel-aceite-de-oliva-virgen-extra-500ml\/#breadcrumb","itemListElement":[{"@type":"ListItem","position":1,"name":"Home","item":"https:\/\/condadodemartiniega.com\/"},{"@type":"ListItem","position":2,"name":"Shop","item":"https:\/\/condadodemartiniega.com\/en\/shop\/"},{"@type":"ListItem","position":3,"name":"LA C\u00c1RCEL &#8211; Aceite de Oliva Virgen Extra 500ml"}]},{"@type":"WebSite","@id":"https:\/\/condadodemartiniega.com\/#website","url":"https:\/\/condadodemartiniega.com\/","name":"Condado de Martiniega - Aceite de Oliva","description":"Extra Virgin Olive Oil","publisher":{"@id":"https:\/\/condadodemartiniega.com\/#organization"},"alternateName":"Martiniega Olive Oil","potentialAction":[{"@type":"SearchAction","target":{"@type":"EntryPoint","urlTemplate":"https:\/\/condadodemartiniega.com\/?s={search_term_string}"},"query-input":{"@type":"PropertyValueSpecification","valueRequired":true,"valueName":"search_term_string"}}],"inLanguage":"en-GB"},{"@type":"Organization","@id":"https:\/\/condadodemartiniega.com\/#organization","name":"Condado de Martiniega - Aceite de Oliva","url":"https:\/\/condadodemartiniega.com\/","logo":{"@type":"ImageObject","inLanguage":"en-GB","@id":"https:\/\/condadodemartiniega.com\/#\/schema\/logo\/image\/","url":"https:\/\/i0.wp.com\/condadodemartiniega.com\/wp-content\/uploads\/2021\/02\/cropped-CdM-logo-600_Colour.png?fit=1251%2C1251&ssl=1","contentUrl":"https:\/\/i0.wp.com\/condadodemartiniega.com\/wp-content\/uploads\/2021\/02\/cropped-CdM-logo-600_Colour.png?fit=1251%2C1251&ssl=1","width":1251,"height":1251,"caption":"Condado de Martiniega - Aceite de Oliva"},"image":{"@id":"https:\/\/condadodemartiniega.com\/#\/schema\/logo\/image\/"},"sameAs":["https:\/\/www.facebook.com\/martiniegaoliveoil","https:\/\/www.instagram.com\/martiniegaoliveoil\/"]}]}},"jetpack-related-posts":[],"jetpack_sharing_enabled":true,"_links":{"self":[{"href":"https:\/\/condadodemartiniega.com\/en\/wp-json\/wp\/v2\/product\/6575","targetHints":{"allow":["GET"]}}],"collection":[{"href":"https:\/\/condadodemartiniega.com\/en\/wp-json\/wp\/v2\/product"}],"about":[{"href":"https:\/\/condadodemartiniega.com\/en\/wp-json\/wp\/v2\/types\/product"}],"wp:featuredmedia":[{"embeddable":true,"href":"https:\/\/condadodemartiniega.com\/en\/wp-json\/wp\/v2\/media\/6613"}],"wp:attachment":[{"href":"https:\/\/condadodemartiniega.com\/en\/wp-json\/wp\/v2\/media?parent=6575"}],"wp:term":[{"taxonomy":"product_brand","embeddable":true,"href":"https:\/\/condadodemartiniega.com\/en\/wp-json\/wp\/v2\/product_brand?post=6575"},{"taxonomy":"product_cat","embeddable":true,"href":"https:\/\/condadodemartiniega.com\/en\/wp-json\/wp\/v2\/product_cat?post=6575"},{"taxonomy":"product_tag","embeddable":true,"href":"https:\/\/condadodemartiniega.com\/en\/wp-json\/wp\/v2\/product_tag?post=6575"}],"curies":[{"name":"wp","href":"https:\/\/api.w.org\/{rel}","templated":true}]}}